{"id":8563,"date":"2019-03-27T14:31:27","date_gmt":"2019-03-27T14:31:27","guid":{"rendered":"https:\/\/fonollosaturisme.cat\/gente-historias-y-leyendas\/tierra-de-carlistadas\/la-batalla-de-fals\/"},"modified":"2019-03-27T14:31:27","modified_gmt":"2019-03-27T14:31:27","slug":"la-batalla-de-fals","status":"publish","type":"page","link":"https:\/\/fonollosaturisme.cat\/es\/gente-historias-y-leyendas\/tierra-de-carlistadas\/la-batalla-de-fals\/","title":{"rendered":"La batalla de Fals"},"content":{"rendered":"<p>A lo largo del siglo XIX, buena parte de la poblaci\u00f3n del actual municipio de Fonollosa se alineaba con los carlistas, incluso con varios jefes locales como el due\u00f1o del mas la Gabriela, o Benet Bastardes, del mas Bastardes. \u00a0Pere Sagrist\u00e0, \u00a0jefe de la facci\u00f3n carlista de Fals, despu\u00e9s de la segunda guerra carlista tuvo que exiliarse y pasar unos a\u00f1os fuera del pueblo. Se habla tambi\u00e9n del alojamiento del jefe carlista Benet Tristany y sus tropas en el <strong>mas Junyent de Camps.<\/strong><\/p>\n<p>A las ocho de la ma\u00f1ana del d\u00eda 9 de enero de 1837, Tristany entra con sus hombres en la poblaci\u00f3n de S\u00faria y reduce a la guarnici\u00f3n. Uno de los soldados huye a Manresa y avisa, mientras Tristany carga toda la munici\u00f3n y se lleva a los 30 presos hacia Fals. El d\u00eda 11 el Gobernador militar de Manresa ordena al Coronel Novella que vaya con su batall\u00f3n a Fals. Como no conoce el terreno, le acompa\u00f1an dos gu\u00edas. El d\u00eda 12 por la ma\u00f1ana empiezan a o\u00edrse tiros, que se intensifican a medida que avanza la tarde. Al d\u00eda siguiente, los carlistas bajan a Manresa y ocupan el sector del Congost y el Pont Nou. A media noche llega de Berga el Coronel Aspiroz con cuatro compa\u00f1\u00edas de tropas seleccionadas y una parte de la caballer\u00eda de la segunda brigada. Al amanecer, se dirige a Fals con su ej\u00e9rcito, los voluntarios, y una pieza de artiller\u00eda. Despu\u00e9s del enfrentamiento, rescatan a los refugiados en la iglesia, mientras los carlistas se dispersan habiendo sufrido algunas bajas.<\/p>\n<p>Los datos de este hecho hist\u00f3rico aparecieron en las p\u00e1ginas del peri\u00f3dico manresano \u201cEl Lacetano. Peri\u00f3dico de Pol\u00edtica, Cultura y Arte.\u201d, justamente el d\u00eda que aparec\u00eda por primera vez. Algunos historiadores cuestionan los 2000 carlistas y los 70 caballos que, seg\u00fan las cr\u00f3nicas, pisaron el <strong>Pla de Fals <\/strong>(ver foto superior), probablemente una fantas\u00eda producto del miedo que deber\u00edan pasar los soldados del coronel Novella.<\/p>\n","protected":false},"excerpt":{"rendered":"<p>A lo largo del siglo XIX, buena parte de la poblaci\u00f3n del actual municipio de Fonollosa se alineaba con los carlistas, incluso con varios jefes locales como el due\u00f1o del mas la Gabriela, o Benet Bastardes, del mas Bastardes. \u00a0Pere Sagrist\u00e0, \u00a0jefe de la facci\u00f3n carlista de Fals, despu\u00e9s de la segunda guerra carlista tuvo&#8230;<\/p>\n","protected":false},"author":1,"featured_media":0,"parent":8561,"menu_order":1,"comment_status":"closed","ping_status":"closed","template":"","meta":{"_acf_changed":false,"footnotes":""},"class_list":["post-8563","page","type-page","status-publish","hentry"],"acf":[],"_links":{"self":[{"href":"https:\/\/fonollosaturisme.cat\/es\/wp-json\/wp\/v2\/pages\/8563","targetHints":{"allow":["GET"]}}],"collection":[{"href":"https:\/\/fonollosaturisme.cat\/es\/wp-json\/wp\/v2\/pages"}],"about":[{"href":"https:\/\/fonollosaturisme.cat\/es\/wp-json\/wp\/v2\/types\/page"}],"author":[{"embeddable":true,"href":"https:\/\/fonollosaturisme.cat\/es\/wp-json\/wp\/v2\/users\/1"}],"replies":[{"embeddable":true,"href":"https:\/\/fonollosaturisme.cat\/es\/wp-json\/wp\/v2\/comments?post=8563"}],"version-history":[{"count":0,"href":"https:\/\/fonollosaturisme.cat\/es\/wp-json\/wp\/v2\/pages\/8563\/revisions"}],"up":[{"embeddable":true,"href":"https:\/\/fonollosaturisme.cat\/es\/wp-json\/wp\/v2\/pages\/8561"}],"wp:attachment":[{"href":"https:\/\/fonollosaturisme.cat\/es\/wp-json\/wp\/v2\/media?parent=8563"}],"curies":[{"name":"wp","href":"https:\/\/api.w.org\/{rel}","templated":true}]}}